{"id":230502,"date":"2022-08-30T04:55:47","date_gmt":"2022-08-30T04:55:47","guid":{"rendered":"https:\/\/www.transportescita.com\/sitio\/?page_id=230502"},"modified":"2022-09-09T07:34:54","modified_gmt":"2022-09-09T07:34:54","slug":"quienes-somos","status":"publish","type":"page","link":"https:\/\/www.transportescita.com\/sitio\/quienes-somos\/","title":{"rendered":"Quienes Somos"},"content":{"rendered":"<p>[et_pb_section fb_built=\u00bb1&#8243; admin_label=\u00bbVideo Section\u00bb _builder_version=\u00bb4.18.0&#8243; background_color=\u00bb#fdfdfd\u00bb custom_padding=\u00bb50px||50px|||\u00bb locked=\u00bboff\u00bb global_colors_info=\u00bb{}\u00bb][et_pb_row column_structure=\u00bb2_5,3_5&#8243; admin_label=\u00bbVideo Area\u00bb module_class=\u00bb et_pb_row_fullwidth\u00bb _builder_version=\u00bb4.18.0&#8243; width_tablet=\u00bb80%\u00bb width_phone=\u00bb80%\u00bb width_last_edited=\u00bbon|desktop\u00bb max_width=\u00bb89%\u00bb max_width_tablet=\u00bb80%\u00bb max_width_phone=\u00bb80%\u00bb max_width_last_edited=\u00bbon|desktop\u00bb custom_padding=\u00bb||27px|||\u00bb make_fullwidth=\u00bbon\u00bb global_colors_info=\u00bb{}\u00bb][et_pb_column type=\u00bb2_5&#8243; _builder_version=\u00bb4.18.0&#8243; custom_padding=\u00bb50px||50px||false|false\u00bb global_colors_info=\u00bb{}\u00bb custom_padding__hover=\u00bb|||\u00bb][et_pb_text _builder_version=\u00bb4.18.0&#8243; text_font=\u00bbLora||||||||\u00bb text_text_color=\u00bb#676879&#8243; text_line_height=\u00bb2em\u00bb header_2_font=\u00bbRoboto Condensed|700||on|||||\u00bb header_2_font_size=\u00bb40px\u00bb custom_margin=\u00bb||||false|false\u00bb custom_padding=\u00bb30px||0px||false|false\u00bb text_font_size_tablet=\u00bb15px\u00bb text_font_size_phone=\u00bb14px\u00bb text_font_size_last_edited=\u00bbon|phone\u00bb header_2_font_size_tablet=\u00bb50px\u00bb header_2_font_size_phone=\u00bb30px\u00bb header_2_font_size_last_edited=\u00bbon|phone\u00bb locked=\u00bboff\u00bb global_colors_info=\u00bb{}\u00bb min_height=\u00bb82px\u00bb]<\/p>\n<h2>quienes <span style=\"color: #ff6000;\">somos<\/span><\/h2>\n<p>&nbsp;<\/p>\n<p>[\/et_pb_text][et_pb_text _builder_version=\u00bb4.18.0&#8243; text_text_color=\u00bb#676879&#8243; text_line_height=\u00bb2em\u00bb header_font=\u00bbRoboto Condensed||||||||\u00bb header_font_size=\u00bb40px\u00bb header_2_font=\u00bbRoboto Condensed||||||||\u00bb header_2_font_size=\u00bb35px\u00bb custom_margin=\u00bb||||false|false\u00bb hover_enabled=\u00bb0&#8243; text_font_size_tablet=\u00bb15px\u00bb text_font_size_phone=\u00bb14px\u00bb text_font_size_last_edited=\u00bbon|phone\u00bb header_2_font_size_tablet=\u00bb50px\u00bb header_2_font_size_phone=\u00bb30px\u00bb header_2_font_size_last_edited=\u00bbon|phone\u00bb locked=\u00bboff\u00bb global_colors_info=\u00bb{}\u00bb sticky_enabled=\u00bb0&#8243;]<\/p>\n<p>Somos una Cooperativa de transporte interprovincial con una amplia experiencia en el ramo, ofreciendo a la colectividad un servicio con altos est\u00e1ndares de eficacia, calidad y seguridad en el transporte de Pasajeros con responsabilidad y con pensamiento positivo.<\/p>\n<p>[\/et_pb_text][\/et_pb_column][et_pb_column type=\u00bb3_5&#8243; _builder_version=\u00bb4.18.0&#8243; custom_padding=\u00bb50px||||false|false\u00bb global_colors_info=\u00bb{}\u00bb custom_padding__hover=\u00bb|||\u00bb][et_pb_image src=\u00bbhttps:\/\/www.transportescita.com\/sitio\/wp-content\/uploads\/2022\/08\/quienes-somos.jpeg\u00bb title_text=\u00bbquienes-somos\u00bb _builder_version=\u00bb4.18.0&#8243; _module_preset=\u00bbdefault\u00bb global_colors_info=\u00bb{}\u00bb][\/et_pb_image][\/et_pb_column][\/et_pb_row][\/et_pb_section][et_pb_section fb_built=\u00bb1&#8243; admin_label=\u00bbServices\u00bb _builder_version=\u00bb4.16&#8243; background_color=\u00bbrgba(0,0,0,0)\u00bb z_index=\u00bb10&#8243; custom_padding=\u00bb0px|||||\u00bb locked=\u00bboff\u00bb global_colors_info=\u00bb{}\u00bb][et_pb_row column_structure=\u00bb1_2,1_2&#8243; _builder_version=\u00bb4.18.0&#8243; background_color=\u00bb#ffffff\u00bb custom_margin=\u00bb-15px||||false|false\u00bb custom_padding=\u00bb50px|40px|50px|40px|true|true\u00bb border_radii=\u00bbon|10px|10px|10px|10px\u00bb box_shadow_style=\u00bbpreset1&#8243; box_shadow_vertical=\u00bb16px\u00bb box_shadow_color=\u00bbrgba(12,113,195,0.13)\u00bb global_colors_info=\u00bb{}\u00bb][et_pb_column type=\u00bb1_2&#8243; _builder_version=\u00bb4.16&#8243; custom_padding=\u00bb||||false|false\u00bb global_colors_info=\u00bb{}\u00bb][et_pb_blurb title=\u00bbMisi\u00f3n\u00bb image=\u00bbhttps:\/\/www.transportescita.com\/sitio\/wp-content\/uploads\/2022\/08\/Tutoring-Service__06.png\u00bb content_max_width=\u00bb100%\u00bb icon_alignment_tablet=\u00bb\u00bb icon_alignment_phone=\u00bb\u00bb icon_alignment_last_edited=\u00bbon|tablet\u00bb _builder_version=\u00bb4.18.0&#8243; header_level=\u00bbh2&#8243; body_font=\u00bbPT Sans||||||||\u00bb body_text_align=\u00bbleft\u00bb body_text_color=\u00bb#62748a\u00bb body_line_height=\u00bb1.8em\u00bb animation=\u00bboff\u00bb hover_enabled=\u00bb0&#8243; global_colors_info=\u00bb{}\u00bb header_2_font_size_tablet=\u00bb50px\u00bb header_2_font_size_phone=\u00bb30px\u00bb header_2_font_size_last_edited=\u00bbon|phone\u00bb header_2_font=\u00bbRoboto Condensed|700||on|||||\u00bb header_2_font_size=\u00bb40px\u00bb header_font=\u00bbRoboto Condensed|700|||||||\u00bb header_font_size=\u00bb30px\u00bb sticky_enabled=\u00bb0&#8243;]<\/p>\n<p>Ofrecer a la colectividad un servicio con altos est\u00e1ndares de Eficiencia, Calidad, Seguridad en el transporte de Pasajeros con responsabilidad y con pensamiento positivo.<\/p>\n<p>[\/et_pb_blurb][\/et_pb_column][et_pb_column type=\u00bb1_2&#8243; _builder_version=\u00bb4.16&#8243; custom_padding=\u00bb||||false|false\u00bb global_colors_info=\u00bb{}\u00bb][et_pb_blurb title=\u00bbVisi\u00f3n\u00bb image=\u00bbhttps:\/\/www.transportescita.com\/sitio\/wp-content\/uploads\/2022\/08\/Tutoring-Service__08.png\u00bb content_max_width=\u00bb100%\u00bb icon_alignment_tablet=\u00bb\u00bb icon_alignment_phone=\u00bb\u00bb icon_alignment_last_edited=\u00bbon|tablet\u00bb _builder_version=\u00bb4.18.0&#8243; header_level=\u00bbh2&#8243; header_font=\u00bbRoboto Condensed|700|||||||\u00bb body_font=\u00bbPT Sans||||||||\u00bb body_text_align=\u00bbleft\u00bb body_text_color=\u00bb#62748a\u00bb body_line_height=\u00bb1.8em\u00bb animation=\u00bboff\u00bb hover_enabled=\u00bb0&#8243; global_colors_info=\u00bb{}\u00bb header_2_font_size_tablet=\u00bb50px\u00bb header_2_font_size_phone=\u00bb30px\u00bb header_2_font_size_last_edited=\u00bbon|phone\u00bb header_font_size=\u00bb30px\u00bb sticky_enabled=\u00bb0&#8243;]<\/p>\n<p>Ser una Cooperativa Interprovincial de Transporte de Pasajeros que ofrezca a la comunidad, seguridad amabilidad y buena atenci\u00f3n, enmarcados en la solidaridad y el buen vivir, mediante unidades vehiculares de acuerdo\u00a0 a los avances de la tecnolog\u00eda y con modernas instalaciones de venta de boletos y servicio de encomiendas, con personal capacitado que demuestre: eficiencia en el cumplimiento de las funciones, calidez y actitud positiva en el trato a los se\u00f1ores usuarios.<\/p>\n<p>[\/et_pb_blurb][\/et_pb_column][\/et_pb_row][\/et_pb_section][et_pb_section fb_built=\u00bb1&#8243; admin_label=\u00bbAbout Us Section\u00bb _builder_version=\u00bb4.18.0&#8243; background_size=\u00bbinitial\u00bb background_position=\u00bbbottom_left\u00bb custom_padding=\u00bb30px||30px||true|false\u00bb global_colors_info=\u00bb{}\u00bb][et_pb_row admin_label=\u00bbTitle Area\u00bb _builder_version=\u00bb4.18.0&#8243; custom_padding=\u00bb0px||10px||false|false\u00bb global_colors_info=\u00bb{}\u00bb][et_pb_column type=\u00bb4_4&#8243; _builder_version=\u00bb4.16&#8243; custom_padding=\u00bb|||\u00bb global_colors_info=\u00bb{}\u00bb custom_padding__hover=\u00bb|||\u00bb][et_pb_text _builder_version=\u00bb4.18.0&#8243; text_font=\u00bbLora||||||||\u00bb text_text_color=\u00bb#676879&#8243; text_line_height=\u00bb2em\u00bb header_2_font=\u00bbRoboto Condensed|700||on|||||\u00bb header_2_font_size=\u00bb40px\u00bb custom_margin=\u00bb||||false|false\u00bb custom_padding=\u00bb30px||0px||false|false\u00bb text_font_size_tablet=\u00bb15px\u00bb text_font_size_phone=\u00bb14px\u00bb text_font_size_last_edited=\u00bbon|phone\u00bb header_2_font_size_tablet=\u00bb50px\u00bb header_2_font_size_phone=\u00bb30px\u00bb header_2_font_size_last_edited=\u00bbon|phone\u00bb locked=\u00bboff\u00bb global_colors_info=\u00bb{}\u00bb]<\/p>\n<h2>rese\u00f1a <span style=\"color: #ff6000;\">hist\u00f3rica<\/span><\/h2>\n<p>&nbsp;<\/p>\n<p>[\/et_pb_text][\/et_pb_column][\/et_pb_row][et_pb_row column_structure=\u00bb1_2,1_2&#8243; use_custom_gutter=\u00bbon\u00bb admin_label=\u00bbAbout Us Area\u00bb _builder_version=\u00bb4.18.0&#8243; custom_padding=\u00bb10px|20px|10px|20px|true|true\u00bb global_colors_info=\u00bb{}\u00bb][et_pb_column type=\u00bb1_2&#8243; _builder_version=\u00bb4.18.0&#8243; custom_padding=\u00bb|20px|||false|false\u00bb global_colors_info=\u00bb{}\u00bb custom_padding__hover=\u00bb|||\u00bb][et_pb_text _builder_version=\u00bb4.18.0&#8243; text_text_color=\u00bb#676879&#8243; text_line_height=\u00bb2em\u00bb header_font=\u00bbRoboto Condensed||||||||\u00bb header_2_font=\u00bbRoboto Condensed||||||||\u00bb header_2_font_size=\u00bb40px\u00bb custom_margin=\u00bb||||false|false\u00bb custom_padding=\u00bb0px||0px||false|false\u00bb text_font_size_tablet=\u00bb15px\u00bb text_font_size_phone=\u00bb14px\u00bb text_font_size_last_edited=\u00bbon|phone\u00bb header_2_font_size_tablet=\u00bb50px\u00bb header_2_font_size_phone=\u00bb30px\u00bb header_2_font_size_last_edited=\u00bbon|phone\u00bb global_colors_info=\u00bb{}\u00bb]<\/p>\n<p>La Cooperativa de Transportes \u201cCITA\u201d Express naci\u00f3 bajo el esfuerzo tenaz de un grupo de visionarios transportistas Ambate\u00f1os cuya fundaci\u00f3n se remonta el 18 de Septiembre de 1969, bajo el sistema de Fondo Com\u00fan que fue el se\u00f1uelo de donde naci\u00f3 la actual Cooperativa dedicada al servicio del Transporte de Pasajeros dentro y fuera del pa\u00eds.<\/p>\n<p>V\u00edctor Espinoza Andrade fue Presidente, Jos\u00e9 Ernesto Alvarado estuvo a cargo de la Gerencia y como empleado Secretario el Sr. Galarza y posteriormente Don Rodrigo Fabara.\u00a0 Recordamos los nombres de los primeros Socios:<\/p>\n<p>V\u00edctor Hugo Gavilanes Mart\u00ednez, Germ\u00e1nico Espinoza, Enrique \u00c1lvarez, Eduardo Barclay Lozada, entre otros ambate\u00f1os de singular liderazgo, constan en la apertura de las p\u00e1ginas que marcaron historia en calidad de Socios Fundadores, personas que al amparo del sano prop\u00f3sito de dotar a la ciudad de Ambato de un servicio de Transporte de categor\u00eda.<\/p>\n<p>[\/et_pb_text][\/et_pb_column][et_pb_column type=\u00bb1_2&#8243; _builder_version=\u00bb4.18.0&#8243; custom_padding=\u00bb|||20px|false|false\u00bb global_colors_info=\u00bb{}\u00bb custom_padding__hover=\u00bb|||\u00bb][et_pb_text _builder_version=\u00bb4.18.0&#8243; text_text_color=\u00bb#676879&#8243; text_line_height=\u00bb2em\u00bb header_font=\u00bbRoboto Condensed||||||||\u00bb header_2_font=\u00bbRoboto Condensed||||||||\u00bb header_2_font_size=\u00bb40px\u00bb custom_margin=\u00bb||||false|false\u00bb custom_padding=\u00bb0px||0px||false|false\u00bb text_font_size_tablet=\u00bb15px\u00bb text_font_size_phone=\u00bb14px\u00bb text_font_size_last_edited=\u00bbon|phone\u00bb header_2_font_size_tablet=\u00bb50px\u00bb header_2_font_size_phone=\u00bb30px\u00bb header_2_font_size_last_edited=\u00bbon|phone\u00bb global_colors_info=\u00bb{}\u00bb]<\/p>\n<p>Al inicio de la Actividad Cooperativista en el transporte de Pasajeros desde esta urbe el lugar de partida se ubico en la esquina de las calles Mera y 12 de Noviembre donde funcionaba la Estaci\u00f3n del Ferrocarril, hoy el Centro comercial Ambato.<\/p>\n<p>El Esp\u00edritu emprendedor de sus dirigentes con la aquiescencia de los socios que lo conforman, permiti\u00f3 que se ampli\u00e9 el horizonte de servicio al Ambato Internacional haciendo honor a su nombre cubriendo la ruta Ambato-Caracas y viceversa, servicio que copo las aspiraciones de miles de ecuatorianos que viajaron en b\u00fasqueda de nuevas oportunidades al pa\u00eds petrolero , lamentablemente el celo de las autoridades Colombianas interrumpieron en el a\u00f1o 1984 el paso a Venezuela bajo el argumento que perjudicaban al transporte Colombiano.<\/p>\n<p>[\/et_pb_text][\/et_pb_column][\/et_pb_row][\/et_pb_section][et_pb_section fb_built=\u00bb1&#8243; next_background_color=\u00bb#ffffff\u00bb padding_top_bottom_link_1=\u00bbfalse\u00bb admin_label=\u00bbFeature Section\u00bb _builder_version=\u00bb4.16&#8243; background_color=\u00bb#f8f9fa\u00bb min_height=\u00bb561px\u00bb custom_padding=\u00bb||||false|false\u00bb bottom_divider_style=\u00bbwave\u00bb bottom_divider_height=\u00bb16vw\u00bb global_colors_info=\u00bb{}\u00bb][et_pb_row column_structure=\u00bb1_2,1_2&#8243; admin_label=\u00bbFeature Area\u00bb _builder_version=\u00bb4.18.0&#8243; custom_padding=\u00bb0px||0px||true|false\u00bb global_colors_info=\u00bb{}\u00bb][et_pb_column type=\u00bb1_2&#8243; _builder_version=\u00bb4.16&#8243; custom_padding=\u00bb|||\u00bb global_colors_info=\u00bb{}\u00bb custom_padding__hover=\u00bb|||\u00bb][et_pb_image src=\u00bbhttps:\/\/www.transportescita.com\/sitio\/wp-content\/uploads\/2022\/08\/historia.jpeg\u00bb title_text=\u00bbhistoria\u00bb align=\u00bbcenter\u00bb align_tablet=\u00bbcenter\u00bb align_phone=\u00bbcenter\u00bb align_last_edited=\u00bbon|desktop\u00bb _builder_version=\u00bb4.18.0&#8243; global_colors_info=\u00bb{}\u00bb][\/et_pb_image][\/et_pb_column][et_pb_column type=\u00bb1_2&#8243; _builder_version=\u00bb4.18.0&#8243; custom_padding=\u00bb30px||30px||true|false\u00bb global_colors_info=\u00bb{}\u00bb custom_padding__hover=\u00bb|||\u00bb][et_pb_text admin_label=\u00bbTitle\u00bb _builder_version=\u00bb4.18.0&#8243; text_text_color=\u00bb#676879&#8243; text_line_height=\u00bb2em\u00bb header_font=\u00bbRoboto Condensed||||||||\u00bb header_2_font=\u00bbRoboto Condensed||||||||\u00bb header_2_font_size=\u00bb40px\u00bb custom_padding=\u00bb0px||0px||true|false\u00bb text_font_size_tablet=\u00bb15px\u00bb text_font_size_phone=\u00bb14px\u00bb text_font_size_last_edited=\u00bbon|phone\u00bb header_2_font_size_tablet=\u00bb50px\u00bb header_2_font_size_phone=\u00bb30px\u00bb header_2_font_size_last_edited=\u00bbon|phone\u00bb global_colors_info=\u00bb{}\u00bb]<\/p>\n<p>A partir del a\u00f1o 1981 es cuando la Cooperativa en sus creciente af\u00e1n de servicio a la colectividad renueva sus esfuerzos humanos y materiales ampliando las rutas entre Ambato-Guayaquil y Viceversa, Ambato-Esmeraldas y Viceversa, Ambato-Quito y Viceversa, Quito-Pelileo y Viceversa para a\u00f1os despu\u00e9s unir el coraz\u00f3n de la patria con el norte costanero del Ecuador en la Ruta Ambato-Ibarra-San Lorenzo .<\/p>\n<p>La aspiraci\u00f3n de quienes hacemos la Cooperativa para convertirla en una entidad t\u00e9cnica, moderna y confiable, por la calidad de servicios que presta, con gesti\u00f3n transparente y la contribuci\u00f3n de cada uno de los funcionarios y empleados para lograr la hegemon\u00eda en los diferentes \u00e1mbitos de nuestro quehacer diario-eso y mucho mas, es cooperativa \u201cCITA\u201d EXPRESS en el transporte.<\/p>\n<p>[\/et_pb_text][\/et_pb_column][\/et_pb_row][et_pb_row column_structure=\u00bb1_4,1_4,1_4,1_4&#8243; admin_label=\u00bbMembers\u00bb _builder_version=\u00bb4.18.0&#8243; width=\u00bb70%\u00bb locked=\u00bboff\u00bb global_colors_info=\u00bb{}\u00bb][et_pb_column type=\u00bb1_4&#8243; _builder_version=\u00bb4.16&#8243; custom_padding=\u00bb|||\u00bb global_colors_info=\u00bb{}\u00bb custom_padding__hover=\u00bb|||\u00bb][et_pb_team_member name=\u00bbVictor Espinoza Andrade\u00bb position=\u00bbSocio Fundador de la Cooperativa 1969&#8243; image_url=\u00bbhttps:\/\/www.transportescita.com\/sitio\/wp-content\/uploads\/2022\/08\/historia_1.jpeg\u00bb _builder_version=\u00bb4.18.0&#8243; header_font=\u00bbRoboto Condensed|700|||||||\u00bb header_font_size=\u00bb14px\u00bb body_font=\u00bbPoppins||||||||\u00bb body_text_align=\u00bbcenter\u00bb body_text_color=\u00bb#676879&#8243; body_font_size=\u00bb12px\u00bb body_line_height=\u00bb1.2em\u00bb custom_padding=\u00bb10px|10px|10px|10px|true|true\u00bb body_font_size_tablet=\u00bb15px\u00bb body_font_size_phone=\u00bb14px\u00bb body_font_size_last_edited=\u00bbon|phone\u00bb global_colors_info=\u00bb{}\u00bb header_2_font_size_tablet=\u00bb50px\u00bb header_2_font_size_phone=\u00bb30px\u00bb header_2_font_size_last_edited=\u00bbon|phone\u00bb][\/et_pb_team_member][\/et_pb_column][et_pb_column type=\u00bb1_4&#8243; _builder_version=\u00bb4.16&#8243; custom_padding=\u00bb|||\u00bb global_colors_info=\u00bb{}\u00bb custom_padding__hover=\u00bb|||\u00bb][et_pb_team_member name=\u00bbMilt\u00f3n Marcelo Gavilanes Mart\u00ednez\u00bb position=\u00bb1981 &#8211; 1982&#8243; image_url=\u00bbhttps:\/\/www.transportescita.com\/sitio\/wp-content\/uploads\/2022\/08\/historia_2.jpeg\u00bb _builder_version=\u00bb4.18.0&#8243; header_font=\u00bbRoboto Condensed|700|||||||\u00bb header_font_size=\u00bb14px\u00bb body_font=\u00bbPoppins||||||||\u00bb body_text_align=\u00bbcenter\u00bb body_text_color=\u00bb#676879&#8243; body_font_size=\u00bb12px\u00bb body_line_height=\u00bb1.2em\u00bb custom_padding=\u00bb10px|10px|10px|10px|true|true\u00bb body_font_size_tablet=\u00bb15px\u00bb body_font_size_phone=\u00bb14px\u00bb body_font_size_last_edited=\u00bbon|phone\u00bb global_colors_info=\u00bb{}\u00bb][\/et_pb_team_member][\/et_pb_column][et_pb_column type=\u00bb1_4&#8243; _builder_version=\u00bb4.16&#8243; custom_padding=\u00bb|||\u00bb global_colors_info=\u00bb{}\u00bb custom_padding__hover=\u00bb|||\u00bb][et_pb_team_member name=\u00bbJorge Enrique Villac\u00eds Maldonado\u00bb position=\u00bb1983-1984&#8243; image_url=\u00bbhttps:\/\/www.transportescita.com\/sitio\/wp-content\/uploads\/2022\/08\/historia_3.jpeg\u00bb _builder_version=\u00bb4.18.0&#8243; header_font=\u00bbRoboto Condensed|700|||||||\u00bb header_font_size=\u00bb14px\u00bb body_font=\u00bbPoppins||||||||\u00bb body_text_align=\u00bbcenter\u00bb body_text_color=\u00bb#676879&#8243; body_font_size=\u00bb12px\u00bb body_line_height=\u00bb1.2em\u00bb custom_padding=\u00bb10px|10px|10px|10px|true|true\u00bb body_font_size_tablet=\u00bb15px\u00bb body_font_size_phone=\u00bb14px\u00bb body_font_size_last_edited=\u00bbon|phone\u00bb global_colors_info=\u00bb{}\u00bb][\/et_pb_team_member][\/et_pb_column][et_pb_column type=\u00bb1_4&#8243; _builder_version=\u00bb4.16&#8243; custom_padding=\u00bb|||\u00bb global_colors_info=\u00bb{}\u00bb custom_padding__hover=\u00bb|||\u00bb][et_pb_team_member name=\u00bbJos\u00e9 Eduardo Barclay Lozada \u00bb position=\u00bb1985 &#8211; 1987 \/ 1991 &#8211; 2002&#8243; image_url=\u00bbhttps:\/\/www.transportescita.com\/sitio\/wp-content\/uploads\/2022\/08\/historia_4.jpeg\u00bb _builder_version=\u00bb4.18.0&#8243; header_font=\u00bbRoboto Condensed|700|||||||\u00bb header_font_size=\u00bb14px\u00bb body_font=\u00bbPoppins||||||||\u00bb body_text_align=\u00bbcenter\u00bb body_text_color=\u00bb#676879&#8243; body_font_size=\u00bb12px\u00bb body_line_height=\u00bb1.2em\u00bb custom_padding=\u00bb10px|10px|10px|10px|true|true\u00bb body_font_size_tablet=\u00bb15px\u00bb body_font_size_phone=\u00bb14px\u00bb body_font_size_last_edited=\u00bbon|phone\u00bb locked=\u00bboff\u00bb global_colors_info=\u00bb{}\u00bb][\/et_pb_team_member][\/et_pb_column][\/et_pb_row][\/et_pb_section]<\/p>\n","protected":false},"excerpt":{"rendered":"<p>quienes somos &nbsp;Somos una Cooperativa de transporte interprovincial con una amplia experiencia en el ramo, ofreciendo a la colectividad un servicio con altos est\u00e1ndares de eficacia, calidad y seguridad en el transporte de Pasajeros con responsabilidad y con pensamiento positivo.Ofrecer a la colectividad un servicio con altos est\u00e1ndares de Eficiencia, Calidad, Seguridad en el transporte [&hellip;]<\/p>\n","protected":false},"author":1,"featured_media":0,"parent":0,"menu_order":0,"comment_status":"closed","ping_status":"closed","template":"","meta":{"_et_pb_use_builder":"on","_et_pb_old_content":"","_et_gb_content_width":"","footnotes":""},"class_list":["post-230502","page","type-page","status-publish","hentry"],"_links":{"self":[{"href":"https:\/\/www.transportescita.com\/sitio\/wp-json\/wp\/v2\/pages\/230502","targetHints":{"allow":["GET"]}}],"collection":[{"href":"https:\/\/www.transportescita.com\/sitio\/wp-json\/wp\/v2\/pages"}],"about":[{"href":"https:\/\/www.transportescita.com\/sitio\/wp-json\/wp\/v2\/types\/page"}],"author":[{"embeddable":true,"href":"https:\/\/www.transportescita.com\/sitio\/wp-json\/wp\/v2\/users\/1"}],"replies":[{"embeddable":true,"href":"https:\/\/www.transportescita.com\/sitio\/wp-json\/wp\/v2\/comments?post=230502"}],"version-history":[{"count":17,"href":"https:\/\/www.transportescita.com\/sitio\/wp-json\/wp\/v2\/pages\/230502\/revisions"}],"predecessor-version":[{"id":253847,"href":"https:\/\/www.transportescita.com\/sitio\/wp-json\/wp\/v2\/pages\/230502\/revisions\/253847"}],"wp:attachment":[{"href":"https:\/\/www.transportescita.com\/sitio\/wp-json\/wp\/v2\/media?parent=230502"}],"curies":[{"name":"wp","href":"https:\/\/api.w.org\/{rel}","templated":true}]}}